{"id":1074,"date":"2025-12-10T12:55:51","date_gmt":"2025-12-10T15:55:51","guid":{"rendered":"https:\/\/www.paao2026.com\/?post_type=coordinadores&#038;p=1074"},"modified":"2025-12-11T10:59:00","modified_gmt":"2025-12-11T13:59:00","slug":"dr-andres-gerhard","status":"publish","type":"coordinadores","link":"https:\/\/www.paao2026.com\/en\/coordinadores\/dr-andres-gerhard\/","title":{"rendered":"Dr. Andr\u00e9s Gerhard"},"content":{"rendered":"<ul class=\"qualifications-list\">\n<li class=\"qualification-item\"><span class=\"degree\">M\u00e9dico<\/span><br \/>\n<span class=\"institution\">Universidad de los Andes<\/span>.<\/li>\n<li class=\"qualification-item\"><span class=\"specialty\">Oftalm\u00f3logo<\/span><br \/>\n<span class=\"institution\">Instituto Nacional de oftalmolog\u00eda<\/span>.<br \/>\n<span class=\"certification\">Certificaci\u00f3n Conacem<\/span><\/li>\n<li class=\"qualification-item\"><span class=\"specialty\">Glaucoma<\/span>.<br \/>\n<span class=\"institution\">Fundaci\u00f3n Oftalmol\u00f3gica de Santander. Colombia<\/span><\/li>\n<li class=\"qualification-item\"><span class=\"position\">Jefe Glaucoma<\/span><br \/>\n<span class=\"institution\">Hospital Sotero del R\u00edo<\/span>.<\/li>\n<li class=\"qualification-item\"><span class=\"position\">Presidente de la Sociedad Chilena de Glaucoma<\/span>.<\/li>\n<li class=\"qualification-item\"><span class=\"position\">Docente Curso Formaci\u00f3n y Perfeccionamiento Oftalm\u00f3logos<\/span>.<\/li>\n<\/ul>","protected":false},"excerpt":{"rendered":"<p>M\u00e9dico Universidad de los Andes. Oftalm\u00f3logo Instituto Nacional de oftalmolog\u00eda. Certificaci\u00f3n Conacem Glaucoma. Fundaci\u00f3n Oftalmol\u00f3gica de Santander. Colombia Jefe Glaucoma Hospital Sotero del R\u00edo. Presidente de la Sociedad Chilena de Glaucoma. Docente Curso Formaci\u00f3n y Perfeccionamiento Oftalm\u00f3logos.<\/p>","protected":false},"featured_media":847,"template":"","meta":[],"categoria_coordinador":[23],"class_list":["post-1074","coordinadores","type-coordinadores","status-publish","has-post-thumbnail","hentry","categoria_coordinador-glaucoma","post"],"_links":{"self":[{"href":"https:\/\/www.paao2026.com\/en\/wp-json\/wp\/v2\/coordinadores\/1074","targetHints":{"allow":["GET"]}}],"collection":[{"href":"https:\/\/www.paao2026.com\/en\/wp-json\/wp\/v2\/coordinadores"}],"about":[{"href":"https:\/\/www.paao2026.com\/en\/wp-json\/wp\/v2\/types\/coordinadores"}],"wp:featuredmedia":[{"embeddable":true,"href":"https:\/\/www.paao2026.com\/en\/wp-json\/wp\/v2\/media\/847"}],"wp:attachment":[{"href":"https:\/\/www.paao2026.com\/en\/wp-json\/wp\/v2\/media?parent=1074"}],"wp:term":[{"taxonomy":"categoria_coordinador","embeddable":true,"href":"https:\/\/www.paao2026.com\/en\/wp-json\/wp\/v2\/categoria_coordinador?post=1074"}],"curies":[{"name":"wp","href":"https:\/\/api.w.org\/{rel}","templated":true}]}}