{"id":1087,"date":"2025-12-10T13:53:36","date_gmt":"2025-12-10T16:53:36","guid":{"rendered":"https:\/\/www.paao2026.com\/?post_type=coordinadores&#038;p=1087"},"modified":"2025-12-11T11:53:04","modified_gmt":"2025-12-11T14:53:04","slug":"dra-veronica-fernandez","status":"publish","type":"coordinadores","link":"https:\/\/www.paao2026.com\/en\/coordinadores\/dra-veronica-fernandez\/","title":{"rendered":"Dra. Ver\u00f3nica Fern\u00e1ndez"},"content":{"rendered":"<ul class=\"qualifications-list\">\n<li class=\"qualification-item\"><span class=\"position\">Jefe Departamento Neuroftalmolog\u00eda Instituto de Neurocirug\u00eda Dr Asenjo<\/span><\/li>\n<li class=\"qualification-item\"><span class=\"position\">Profesor Asociado Depto Cs Neurol\u00f3gicas Oriente. Universidad de Chile<\/span><\/li>\n<li class=\"qualification-item\"><span class=\"position\">Coordinadora M\u00f3dulo Neuroftalmolog\u00eda del CFPO<\/span><\/li>\n<li class=\"qualification-item\"><span class=\"degree\">Magister en Educaci\u00f3n en Ciencias de la Salud<\/span><\/li>\n<li class=\"qualification-item\"><span class=\"membership\">Miembro activo y Past president de CLAN<\/span>;<br \/>\n<span class=\"organization\">Club Latinoamericano de Neuroftalmolog\u00eda<\/span><\/li>\n<\/ul>","protected":false},"excerpt":{"rendered":"<p>Jefe Departamento Neuroftalmolog\u00eda Instituto de Neurocirug\u00eda Dr Asenjo Profesor Asociado Depto Cs Neurol\u00f3gicas Oriente. Universidad de Chile Coordinadora M\u00f3dulo Neuroftalmolog\u00eda del CFPO Magister en Educaci\u00f3n en Ciencias de la Salud Miembro activo y Past president de CLAN; Club Latinoamericano de Neuroftalmolog\u00eda<\/p>","protected":false},"featured_media":858,"template":"","meta":[],"categoria_coordinador":[26],"class_list":["post-1087","coordinadores","type-coordinadores","status-publish","has-post-thumbnail","hentry","categoria_coordinador-neuroftalmologia","post"],"_links":{"self":[{"href":"https:\/\/www.paao2026.com\/en\/wp-json\/wp\/v2\/coordinadores\/1087","targetHints":{"allow":["GET"]}}],"collection":[{"href":"https:\/\/www.paao2026.com\/en\/wp-json\/wp\/v2\/coordinadores"}],"about":[{"href":"https:\/\/www.paao2026.com\/en\/wp-json\/wp\/v2\/types\/coordinadores"}],"wp:featuredmedia":[{"embeddable":true,"href":"https:\/\/www.paao2026.com\/en\/wp-json\/wp\/v2\/media\/858"}],"wp:attachment":[{"href":"https:\/\/www.paao2026.com\/en\/wp-json\/wp\/v2\/media?parent=1087"}],"wp:term":[{"taxonomy":"categoria_coordinador","embeddable":true,"href":"https:\/\/www.paao2026.com\/en\/wp-json\/wp\/v2\/categoria_coordinador?post=1087"}],"curies":[{"name":"wp","href":"https:\/\/api.w.org\/{rel}","templated":true}]}}