{"id":1090,"date":"2025-12-10T13:57:05","date_gmt":"2025-12-10T16:57:05","guid":{"rendered":"https:\/\/www.paao2026.com\/?post_type=coordinadores&#038;p=1090"},"modified":"2025-12-11T11:51:42","modified_gmt":"2025-12-11T14:51:42","slug":"dr-rodrigo-vesperinas","status":"publish","type":"coordinadores","link":"https:\/\/www.paao2026.com\/en\/coordinadores\/dr-rodrigo-vesperinas\/","title":{"rendered":"Dr. Rodrigo Vesperinas"},"content":{"rendered":"<ul class=\"qualifications-list\">\n<li class=\"qualification-item\"><span class=\"degree\">Medicina en Universidad de Chile<\/span><\/li>\n<li class=\"qualification-item\"><span class=\"specialty\">Oftalmolog\u00eda en Universidad de Concepci\u00f3n<\/span><\/li>\n<li class=\"qualification-item\"><span class=\"specialty\">Rehabilitaci\u00f3n Visual en Coalivi Concepci\u00f3n<\/span><\/li>\n<li class=\"qualification-item\"><span class=\"previous-position\">Ex jefe Servicio de Oftalmolog\u00eda Hospital Base San Jos\u00e9 de Osorno<\/span><\/li>\n<li class=\"qualification-item\"><span class=\"achievement\">Creaci\u00f3n unidad de Rehabilitaci\u00f3n Visual en Hospital Base Osorno y Cl\u00ednica Survisi\u00f3n de Osorno<\/span><\/li>\n<li class=\"qualification-item\"><span class=\"current-position\">Actual secretario de Sociedad Panamericana de Baja Visi\u00f3n<\/span><\/li>\n<li class=\"qualification-item\"><span class=\"current-position\">Actual presidente de Sociedad Chilena de Baja Visi\u00f3n<\/span><\/li>\n<\/ul>","protected":false},"excerpt":{"rendered":"<p>Medicina en Universidad de Chile Oftalmolog\u00eda en Universidad de Concepci\u00f3n Rehabilitaci\u00f3n Visual en Coalivi Concepci\u00f3n Ex jefe Servicio de Oftalmolog\u00eda Hospital Base San Jos\u00e9 de Osorno Creaci\u00f3n unidad de Rehabilitaci\u00f3n Visual en Hospital Base Osorno y Cl\u00ednica Survisi\u00f3n de Osorno Actual secretario de Sociedad Panamericana de Baja Visi\u00f3n Actual presidente de Sociedad Chilena de Baja&#8230;<\/p>\n<div class=\"more-link-wrapper\"><a class=\"more-link\" href=\"https:\/\/www.paao2026.com\/en\/coordinadores\/dr-rodrigo-vesperinas\/\"><span class=\"more-text\">Continue reading<\/span><\/a><\/div>","protected":false},"featured_media":860,"template":"","meta":[],"categoria_coordinador":[27],"class_list":["post-1090","coordinadores","type-coordinadores","status-publish","has-post-thumbnail","hentry","categoria_coordinador-baja-vision","post"],"_links":{"self":[{"href":"https:\/\/www.paao2026.com\/en\/wp-json\/wp\/v2\/coordinadores\/1090","targetHints":{"allow":["GET"]}}],"collection":[{"href":"https:\/\/www.paao2026.com\/en\/wp-json\/wp\/v2\/coordinadores"}],"about":[{"href":"https:\/\/www.paao2026.com\/en\/wp-json\/wp\/v2\/types\/coordinadores"}],"wp:featuredmedia":[{"embeddable":true,"href":"https:\/\/www.paao2026.com\/en\/wp-json\/wp\/v2\/media\/860"}],"wp:attachment":[{"href":"https:\/\/www.paao2026.com\/en\/wp-json\/wp\/v2\/media?parent=1090"}],"wp:term":[{"taxonomy":"categoria_coordinador","embeddable":true,"href":"https:\/\/www.paao2026.com\/en\/wp-json\/wp\/v2\/categoria_coordinador?post=1090"}],"curies":[{"name":"wp","href":"https:\/\/api.w.org\/{rel}","templated":true}]}}