{"id":1093,"date":"2025-12-10T14:02:15","date_gmt":"2025-12-10T17:02:15","guid":{"rendered":"https:\/\/www.paao2026.com\/?post_type=coordinadores&#038;p=1093"},"modified":"2025-12-11T11:50:47","modified_gmt":"2025-12-11T14:50:47","slug":"dr-dennis-cortes","status":"publish","type":"coordinadores","link":"https:\/\/www.paao2026.com\/en\/coordinadores\/dr-dennis-cortes\/","title":{"rendered":"Dr. Dennis Cort\u00e9s"},"content":{"rendered":"<ul class=\"qualifications-list\">\n<li class=\"qualification-item\"><span class=\"degree\">M\u00e9dico cirujano de la Universidad Austral de Chile<\/span> y<br \/>\n<span class=\"specialty\">oftalm\u00f3logo de la Pontificia Universidad Cat\u00f3lica de Chile<\/span>; con<br \/>\n<span class=\"subspecialty\">subespecialidad en c\u00f3rnea y segmento anterior<\/span> en<br \/>\n<span class=\"institution\">Department of Ophthalmology and Vision Science, UC Davis Health System Eye Center, Sacramento, USA<\/span>.<\/li>\n<li class=\"qualification-item\"><span class=\"position\">Profesor Asistente del departamento de oftalmolog\u00eda de la Pontificia Universidad Cat\u00f3lica de Chile<\/span>.<\/li>\n<li class=\"qualification-item\"><span class=\"position\">Se desempe\u00f1a como oftalm\u00f3logo en la Red de Salud UC CHRISTUS<\/span> y en el<br \/>\n<span class=\"institution\">Hospital Dr. S\u00f3tero del R\u00edo<\/span>.<\/li>\n<li class=\"qualification-item\"><span class=\"position\">Docente Curso de Formaci\u00f3n y Perfeccionamiento de Oftalm\u00f3logos<\/span>.<\/li>\n<li class=\"qualification-item\"><span class=\"previous-position\">Past-Presidente de la Sociedad Chilena de Oftalmolog\u00eda<\/span><\/li>\n<\/ul>","protected":false},"excerpt":{"rendered":"<p>M\u00e9dico cirujano de la Universidad Austral de Chile y oftalm\u00f3logo de la Pontificia Universidad Cat\u00f3lica de Chile; con subespecialidad en c\u00f3rnea y segmento anterior en Department of Ophthalmology and Vision Science, UC Davis Health System Eye Center, Sacramento, USA. Profesor Asistente del departamento de oftalmolog\u00eda de la Pontificia Universidad Cat\u00f3lica de Chile. Se desempe\u00f1a como&#8230;<\/p>\n<div class=\"more-link-wrapper\"><a class=\"more-link\" href=\"https:\/\/www.paao2026.com\/en\/coordinadores\/dr-dennis-cortes\/\"><span class=\"more-text\">Continue reading<\/span><\/a><\/div>","protected":false},"featured_media":861,"template":"","meta":[],"categoria_coordinador":[28],"class_list":["post-1093","coordinadores","type-coordinadores","status-publish","has-post-thumbnail","hentry","categoria_coordinador-cataratas-cristalino","post"],"_links":{"self":[{"href":"https:\/\/www.paao2026.com\/en\/wp-json\/wp\/v2\/coordinadores\/1093","targetHints":{"allow":["GET"]}}],"collection":[{"href":"https:\/\/www.paao2026.com\/en\/wp-json\/wp\/v2\/coordinadores"}],"about":[{"href":"https:\/\/www.paao2026.com\/en\/wp-json\/wp\/v2\/types\/coordinadores"}],"wp:featuredmedia":[{"embeddable":true,"href":"https:\/\/www.paao2026.com\/en\/wp-json\/wp\/v2\/media\/861"}],"wp:attachment":[{"href":"https:\/\/www.paao2026.com\/en\/wp-json\/wp\/v2\/media?parent=1093"}],"wp:term":[{"taxonomy":"categoria_coordinador","embeddable":true,"href":"https:\/\/www.paao2026.com\/en\/wp-json\/wp\/v2\/categoria_coordinador?post=1093"}],"curies":[{"name":"wp","href":"https:\/\/api.w.org\/{rel}","templated":true}]}}