{"id":1106,"date":"2025-12-10T15:20:35","date_gmt":"2025-12-10T18:20:35","guid":{"rendered":"https:\/\/www.paao2026.com\/?post_type=coordinadores&#038;p=1106"},"modified":"2025-12-11T11:45:32","modified_gmt":"2025-12-11T14:45:32","slug":"dr-ernesto-otero","status":"publish","type":"coordinadores","link":"https:\/\/www.paao2026.com\/en\/coordinadores\/dr-ernesto-otero\/","title":{"rendered":"Dr. Ernesto Otero"},"content":{"rendered":"<ul class=\"qualifications-list\">\n<li class=\"qualification-item\"><span class=\"position\">Profesor Titular de Segmento Anterior, C\u00f3rnea y Cirug\u00eda Refractiva en la Escuela Superior de Oftalmolog\u00eda del Instituto Barraquer de Am\u00e9rica<\/span> y<br \/>\n<span class=\"position\">miembro del cuerpo m\u00e9dico de la Cl\u00ednica Barraquer en Bogot\u00e1<\/span>.<br \/>\n<span class=\"experience\">Con m\u00e1s de 20 a\u00f1os de experiencia<\/span>, se ha dedicado al estudio y tratamiento de enfermedades del segmento anterior, la c\u00f3rnea y la cirug\u00eda refractiva.<br \/>\n<span class=\"previous-position\">Expresidente de ASOCYR<\/span>.<\/li>\n<li class=\"qualification-item\"><span class=\"position\">Integra la junta directiva de Pancornea<\/span> y<br \/>\n<span class=\"position\">ser\u00e1 vicepresidente 2025\u20132027 de ALACCSA<\/span>.<br \/>\n<span class=\"editorial\">Participa en comit\u00e9s editoriales y es revisor de varias revistas cient\u00edficas internacionales<\/span>.<br \/>\n<span class=\"position\">Ha sido editor asociado en Current Ophthalmology Reports<\/span>, es<br \/>\n<span class=\"position\">director m\u00e9dico de COBANCOL<\/span> y<br \/>\n<span class=\"position\">miembro de la junta directiva del Instituto Barraquer de Am\u00e9rica<\/span>.<br \/>\n<span class=\"position\">Tambi\u00e9n es profesor cl\u00ednico adjunto en la Pontificia Universidad Javeriana<\/span>.<\/li>\n<li class=\"qualification-item\"><span class=\"education\">Estudi\u00f3 Medicina en la Javeriana<\/span> y<br \/>\n<span class=\"education\">Oftalmolog\u00eda en el Instituto Barraquer<\/span>, donde complet\u00f3 un<br \/>\n<span class=\"fellowship\">fellowship en segmento anterior, c\u00f3rnea y refractiva<\/span>.<br \/>\n<span class=\"fellowship\">Realiz\u00f3 un segundo fellowship en catarata y c\u00f3rnea en el Manhattan Eye, Ear and Throat Hospital de Nueva York<\/span>,<br \/>\ntras lo cual <span class=\"work\">trabaj\u00f3 como oftalm\u00f3logo en New York Eye Specialists hasta 2003<\/span>.<br \/>\n<span class=\"work\">Regres\u00f3 posteriormente a Colombia para integrarse a la Cl\u00ednica Barraquer<\/span>.<\/li>\n<\/ul>","protected":false},"excerpt":{"rendered":"<p>Profesor Titular de Segmento Anterior, C\u00f3rnea y Cirug\u00eda Refractiva en la Escuela Superior de Oftalmolog\u00eda del Instituto Barraquer de Am\u00e9rica y miembro del cuerpo m\u00e9dico de la Cl\u00ednica Barraquer en Bogot\u00e1. Con m\u00e1s de 20 a\u00f1os de experiencia, se ha dedicado al estudio y tratamiento de enfermedades del segmento anterior, la c\u00f3rnea y la cirug\u00eda&#8230;<\/p>\n<div class=\"more-link-wrapper\"><a class=\"more-link\" href=\"https:\/\/www.paao2026.com\/en\/coordinadores\/dr-ernesto-otero\/\"><span class=\"more-text\">Continue reading<\/span><\/a><\/div>","protected":false},"featured_media":872,"template":"","meta":[],"categoria_coordinador":[32],"class_list":["post-1106","coordinadores","type-coordinadores","status-publish","has-post-thumbnail","hentry","categoria_coordinador-cornea","post"],"_links":{"self":[{"href":"https:\/\/www.paao2026.com\/en\/wp-json\/wp\/v2\/coordinadores\/1106","targetHints":{"allow":["GET"]}}],"collection":[{"href":"https:\/\/www.paao2026.com\/en\/wp-json\/wp\/v2\/coordinadores"}],"about":[{"href":"https:\/\/www.paao2026.com\/en\/wp-json\/wp\/v2\/types\/coordinadores"}],"wp:featuredmedia":[{"embeddable":true,"href":"https:\/\/www.paao2026.com\/en\/wp-json\/wp\/v2\/media\/872"}],"wp:attachment":[{"href":"https:\/\/www.paao2026.com\/en\/wp-json\/wp\/v2\/media?parent=1106"}],"wp:term":[{"taxonomy":"categoria_coordinador","embeddable":true,"href":"https:\/\/www.paao2026.com\/en\/wp-json\/wp\/v2\/categoria_coordinador?post=1106"}],"curies":[{"name":"wp","href":"https:\/\/api.w.org\/{rel}","templated":true}]}}