{"id":1111,"date":"2025-12-10T15:25:24","date_gmt":"2025-12-10T18:25:24","guid":{"rendered":"https:\/\/www.paao2026.com\/?post_type=coordinadores&#038;p=1111"},"modified":"2025-12-11T11:43:41","modified_gmt":"2025-12-11T14:43:41","slug":"dr-claudio-orlich","status":"publish","type":"coordinadores","link":"https:\/\/www.paao2026.com\/en\/coordinadores\/dr-claudio-orlich\/","title":{"rendered":"Dr. Claudio Orlich"},"content":{"rendered":"<ul class=\"qualifications-list\">\n<li class=\"qualification-item\"><span class=\"degree\">Doctor en Medicina, Universidad de Ciencias M\u00e9dicas (UCIMED), San Jos\u00e9, Costa Rica<\/span><\/li>\n<li class=\"qualification-item\"><span class=\"specialty\">M\u00e9dico Cirujano Oftalm\u00f3logo, Asociaci\u00f3n para Evitar la Ceguera en M\u00e9xico (APEC), M\u00e9xico<\/span><\/li>\n<li class=\"qualification-item\"><span class=\"subspecialty\">Subespecialista en C\u00f3rnea y Cirug\u00eda Refractiva, Asociaci\u00f3n para Evitar la Ceguera en M\u00e9xico (APEC), M\u00e9xico<\/span><\/li>\n<li class=\"qualification-item\"><span class=\"current-position\">Actualmente Director M\u00e9dico de la Cl\u00ednica 20\/20, San Jos\u00e9, Costa Rica<\/span><\/li>\n<li class=\"qualification-item\"><span class=\"previous-position\">Expresidente de la Asociaci\u00f3n Costarricense de Oftalmolog\u00eda (AOCR)<\/span><\/li>\n<li class=\"qualification-item\"><span class=\"editorial\">Editor de la revista Highlights Ophthalmology<\/span><\/li>\n<li class=\"qualification-item\"><span class=\"editorial\">Editor de la Revista Vitreoretina Highlights Ophthalmology<\/span><\/li>\n<li class=\"qualification-item\"><span class=\"editorial\">Editor de Catarata ALACCSA \u2013 R\/LASCRS<\/span><\/li>\n<li class=\"qualification-item\"><span class=\"editorial\">Comit\u00e9 Editorial Internacional de la Revista Mexicana de Oftalmolog\u00eda<\/span><\/li>\n<li class=\"qualification-item\"><span class=\"research\">Investigador de ALCON, Omega, Ivantis, New World Medical, ForSight VISION y LinCor Biosciences<\/span><\/li>\n<\/ul>","protected":false},"excerpt":{"rendered":"<p>Doctor en Medicina, Universidad de Ciencias M\u00e9dicas (UCIMED), San Jos\u00e9, Costa Rica M\u00e9dico Cirujano Oftalm\u00f3logo, Asociaci\u00f3n para Evitar la Ceguera en M\u00e9xico (APEC), M\u00e9xico Subespecialista en C\u00f3rnea y Cirug\u00eda Refractiva, Asociaci\u00f3n para Evitar la Ceguera en M\u00e9xico (APEC), M\u00e9xico Actualmente Director M\u00e9dico de la Cl\u00ednica 20\/20, San Jos\u00e9, Costa Rica Expresidente de la Asociaci\u00f3n Costarricense&#8230;<\/p>\n<div class=\"more-link-wrapper\"><a class=\"more-link\" href=\"https:\/\/www.paao2026.com\/en\/coordinadores\/dr-claudio-orlich\/\"><span class=\"more-text\">Continue reading<\/span><\/a><\/div>","protected":false},"featured_media":876,"template":"","meta":[],"categoria_coordinador":[34],"class_list":["post-1111","coordinadores","type-coordinadores","status-publish","has-post-thumbnail","hentry","categoria_coordinador-refractiva","post"],"_links":{"self":[{"href":"https:\/\/www.paao2026.com\/en\/wp-json\/wp\/v2\/coordinadores\/1111","targetHints":{"allow":["GET"]}}],"collection":[{"href":"https:\/\/www.paao2026.com\/en\/wp-json\/wp\/v2\/coordinadores"}],"about":[{"href":"https:\/\/www.paao2026.com\/en\/wp-json\/wp\/v2\/types\/coordinadores"}],"wp:featuredmedia":[{"embeddable":true,"href":"https:\/\/www.paao2026.com\/en\/wp-json\/wp\/v2\/media\/876"}],"wp:attachment":[{"href":"https:\/\/www.paao2026.com\/en\/wp-json\/wp\/v2\/media?parent=1111"}],"wp:term":[{"taxonomy":"categoria_coordinador","embeddable":true,"href":"https:\/\/www.paao2026.com\/en\/wp-json\/wp\/v2\/categoria_coordinador?post=1111"}],"curies":[{"name":"wp","href":"https:\/\/api.w.org\/{rel}","templated":true}]}}