{"id":1127,"date":"2025-12-10T15:42:42","date_gmt":"2025-12-10T18:42:42","guid":{"rendered":"https:\/\/www.paao2026.com\/?post_type=coordinadores&#038;p=1127"},"modified":"2025-12-11T11:36:45","modified_gmt":"2025-12-11T14:36:45","slug":"dr-arturo-ramirez-miranda","status":"publish","type":"coordinadores","link":"https:\/\/www.paao2026.com\/en\/coordinadores\/dr-arturo-ramirez-miranda\/","title":{"rendered":"Dr. Arturo Ram\u00edrez Miranda"},"content":{"rendered":"<ul class=\"qualifications-list\">\n<li class=\"qualification-item\"><span class=\"specialty\">Oftalm\u00f3logo egresado del Hospital Conde de Valenciana<\/span>.<br \/>\n<span class=\"subspecialty\">Alta especialidad en C\u00f3rnea y Cirug\u00eda Refractiva UCLA STEIN EYE<\/span>.<br \/>\n<span class=\"position\">M\u00e9dico adscrito al Servicio de C\u00f3rnea del Hospital Conde de Valenciana<\/span>.<br \/>\n<span class=\"academic\">Acad\u00e9mico de N\u00famero de la Academia Mexicana de Cirug\u00eda<\/span>.<\/li>\n<li class=\"qualification-item\"><span class=\"phd\">Doctorado en Ciencias Cl\u00ednicas, Escuela de Medicina y Ciencias de la Salud, Tecnol\u00f3gico de Monterrey<\/span>.<\/li>\n<li class=\"qualification-item\"><span class=\"position\">Presidente del Colegio de Investigaci\u00f3n en Ciencias Visuales MARVO Cap\u00edtulo Internacional de ARVO<\/span>.<\/li>\n<li class=\"qualification-item\"><span class=\"position\">Vicepresidente Centro Mexicano de C\u00f3rnea y Cirug\u00eda Refractiva 2026<\/span>.<\/li>\n<li class=\"qualification-item\"><span class=\"research\">Investigador del Sistema Nacional de Investigadores (SNI) Nivel 1<\/span>.<\/li>\n<li class=\"qualification-item\"><span class=\"position\">Co-Director de Curso de Liderazgo de la PAAO<\/span>.<br \/>\n<span class=\"position\">Co-Director del Pan-American Research Day<\/span>.<br \/>\n<span class=\"position\">Co-Director de lo Mejor de la Academia en Espa\u00f1ol<\/span>.<\/li>\n<\/ul>","protected":false},"excerpt":{"rendered":"<p>Oftalm\u00f3logo egresado del Hospital Conde de Valenciana. Alta especialidad en C\u00f3rnea y Cirug\u00eda Refractiva UCLA STEIN EYE. M\u00e9dico adscrito al Servicio de C\u00f3rnea del Hospital Conde de Valenciana. Acad\u00e9mico de N\u00famero de la Academia Mexicana de Cirug\u00eda. Doctorado en Ciencias Cl\u00ednicas, Escuela de Medicina y Ciencias de la Salud, Tecnol\u00f3gico de Monterrey. Presidente del Colegio&#8230;<\/p>\n<div class=\"more-link-wrapper\"><a class=\"more-link\" href=\"https:\/\/www.paao2026.com\/en\/coordinadores\/dr-arturo-ramirez-miranda\/\"><span class=\"more-text\">Continue reading<\/span><\/a><\/div>","protected":false},"featured_media":889,"template":"","meta":[],"categoria_coordinador":[40,22],"class_list":["post-1127","coordinadores","type-coordinadores","status-publish","has-post-thumbnail","hentry","categoria_coordinador-investigacion","categoria_coordinador-liderazgo","post"],"_links":{"self":[{"href":"https:\/\/www.paao2026.com\/en\/wp-json\/wp\/v2\/coordinadores\/1127","targetHints":{"allow":["GET"]}}],"collection":[{"href":"https:\/\/www.paao2026.com\/en\/wp-json\/wp\/v2\/coordinadores"}],"about":[{"href":"https:\/\/www.paao2026.com\/en\/wp-json\/wp\/v2\/types\/coordinadores"}],"wp:featuredmedia":[{"embeddable":true,"href":"https:\/\/www.paao2026.com\/en\/wp-json\/wp\/v2\/media\/889"}],"wp:attachment":[{"href":"https:\/\/www.paao2026.com\/en\/wp-json\/wp\/v2\/media?parent=1127"}],"wp:term":[{"taxonomy":"categoria_coordinador","embeddable":true,"href":"https:\/\/www.paao2026.com\/en\/wp-json\/wp\/v2\/categoria_coordinador?post=1127"}],"curies":[{"name":"wp","href":"https:\/\/api.w.org\/{rel}","templated":true}]}}